{"id":6433,"date":"2021-07-28T16:22:57","date_gmt":"2021-07-28T16:22:57","guid":{"rendered":"https:\/\/reachingu.org\/horacio-garcia-terra-y-florencia-lussich-uruguay\/"},"modified":"2021-07-28T16:22:57","modified_gmt":"2021-07-28T16:22:57","slug":"horacio-garcia-terra-y-florencia-lussich-uruguay","status":"publish","type":"page","link":"https:\/\/reachingu.org\/en\/horacio-garcia-terra-y-florencia-lussich-uruguay\/","title":{"rendered":"Horacio Garc\u00eda Terra y Florencia Lussich, Uruguay"},"content":{"rendered":"<p>Somos conscientes de la ca\u00edda de los niveles educativos en Uruguay en los \u00faltimos tiempos. Es necesario revertir esa situaci\u00f3n con apoyo de privados, buscando que nuestro pa\u00eds vuelva a ser pionero y referente desde el punto de vista educativo, de manera de dejarles a nuestros hijos un pa\u00eds como el que tuvimos nosotros y generaciones anteriores, o mejor a\u00fan. Por eso creemos que es muy importante colaborar con instituciones que trabajan en educaci\u00f3n, como ReachingU.<\/p>\n<p>Apoyamos a \u00c1nima y ReachingU porque vimos que era un sistema de educaci\u00f3n que nos sorprendi\u00f3 durante una visita en Alemania y que daba muy buenos resultados. La gente de los pueblos de bajos recursos pod\u00eda acceder a educaci\u00f3n y les permit\u00eda al mismo tiempo trabajar y aplicar los conocimientos adquiridos y darse cuenta de que lo que estaban estudiando era \u00fatil para el trabajo.<\/p>\n<p>Valoramos mucho el esfuerzo y el empe\u00f1o que pone el equipo humano de ReachingU en lograr los objetivos propuestos, lo que en definitiva se traduce en confianza.<\/p>\n","protected":false},"excerpt":{"rendered":"<p>Somos conscientes de la ca\u00edda de los niveles educativos en Uruguay en los \u00faltimos tiempos. Es necesario revertir esa situaci\u00f3n con apoyo de privados, buscando que nuestro pa\u00eds vuelva a ser pionero y referente desde el punto de vista educativo, de manera de dejarles a nuestros hijos un pa\u00eds como el que tuvimos nosotros y [&hellip;]<\/p>\n","protected":false},"author":4,"featured_media":0,"parent":0,"menu_order":0,"comment_status":"closed","ping_status":"closed","template":"","meta":{"_acf_changed":false,"_et_pb_use_builder":"","_et_pb_old_content":"","_et_gb_content_width":"","footnotes":""},"dipi_cpt_category":[],"class_list":["post-6433","page","type-page","status-publish","hentry"],"acf":[],"yoast_head":"<!-- This site is optimized with the Yoast SEO plugin v27.0 - https:\/\/yoast.com\/product\/yoast-seo-wordpress\/ -->\n<title>Horacio Garc\u00eda Terra y Florencia Lussich, Uruguay - ReachingU<\/title>\n<meta name=\"robots\" content=\"index, follow, max-snippet:-1, max-image-preview:large, max-video-preview:-1\" \/>\n<link rel=\"canonical\" href=\"https:\/\/reachingu.org\/horacio-garcia-terra-y-florencia-lussich-uruguay\/\" \/>\n<meta property=\"og:locale\" content=\"en_US\" \/>\n<meta property=\"og:type\" content=\"article\" \/>\n<meta property=\"og:title\" content=\"Horacio Garc\u00eda Terra y Florencia Lussich, Uruguay - ReachingU\" \/>\n<meta property=\"og:description\" content=\"Somos conscientes de la ca\u00edda de los niveles educativos en Uruguay en los \u00faltimos tiempos. Es necesario revertir esa situaci\u00f3n con apoyo de privados, buscando que nuestro pa\u00eds vuelva a ser pionero y referente desde el punto de vista educativo, de manera de dejarles a nuestros hijos un pa\u00eds como el que tuvimos nosotros y [&hellip;]\" \/>\n<meta property=\"og:url\" content=\"https:\/\/reachingu.org\/horacio-garcia-terra-y-florencia-lussich-uruguay\/\" \/>\n<meta property=\"og:site_name\" content=\"ReachingU\" \/>\n<meta property=\"article:publisher\" content=\"https:\/\/www.facebook.com\/ReachingU.org\/\" \/>\n<meta name=\"twitter:card\" content=\"summary_large_image\" \/>\n<meta name=\"twitter:label1\" content=\"Est. reading time\" \/>\n\t<meta name=\"twitter:data1\" content=\"1 minute\" \/>\n<script type=\"application\/ld+json\" class=\"yoast-schema-graph\">{\"@context\":\"https:\/\/schema.org\",\"@graph\":[{\"@type\":\"WebPage\",\"@id\":\"https:\/\/reachingu.org\/horacio-garcia-terra-y-florencia-lussich-uruguay\/\",\"url\":\"https:\/\/reachingu.org\/horacio-garcia-terra-y-florencia-lussich-uruguay\/\",\"name\":\"Horacio Garc\u00eda Terra y Florencia Lussich, Uruguay - ReachingU\",\"isPartOf\":{\"@id\":\"https:\/\/reachingu.org\/#website\"},\"datePublished\":\"2021-07-28T16:22:57+00:00\",\"breadcrumb\":{\"@id\":\"https:\/\/reachingu.org\/horacio-garcia-terra-y-florencia-lussich-uruguay\/#breadcrumb\"},\"inLanguage\":\"en-US\",\"potentialAction\":[{\"@type\":\"ReadAction\",\"target\":[\"https:\/\/reachingu.org\/horacio-garcia-terra-y-florencia-lussich-uruguay\/\"]}]},{\"@type\":\"BreadcrumbList\",\"@id\":\"https:\/\/reachingu.org\/horacio-garcia-terra-y-florencia-lussich-uruguay\/#breadcrumb\",\"itemListElement\":[{\"@type\":\"ListItem\",\"position\":1,\"name\":\"Portada\",\"item\":\"https:\/\/reachingu.org\/\"},{\"@type\":\"ListItem\",\"position\":2,\"name\":\"Horacio Garc\u00eda Terra y Florencia Lussich, Uruguay\"}]},{\"@type\":\"WebSite\",\"@id\":\"https:\/\/reachingu.org\/#website\",\"url\":\"https:\/\/reachingu.org\/\",\"name\":\"ReachingU\",\"description\":\"\",\"publisher\":{\"@id\":\"https:\/\/reachingu.org\/#organization\"},\"potentialAction\":[{\"@type\":\"SearchAction\",\"target\":{\"@type\":\"EntryPoint\",\"urlTemplate\":\"https:\/\/reachingu.org\/?s={search_term_string}\"},\"query-input\":{\"@type\":\"PropertyValueSpecification\",\"valueRequired\":true,\"valueName\":\"search_term_string\"}}],\"inLanguage\":\"en-US\"},{\"@type\":\"Organization\",\"@id\":\"https:\/\/reachingu.org\/#organization\",\"name\":\"ReachingU\",\"url\":\"https:\/\/reachingu.org\/\",\"logo\":{\"@type\":\"ImageObject\",\"inLanguage\":\"en-US\",\"@id\":\"https:\/\/reachingu.org\/#\/schema\/logo\/image\/\",\"url\":\"https:\/\/reachingu.org\/wp-content\/uploads\/2025\/06\/RU_logo-nuevo_transparete-horizontal-01-2-scaled.png\",\"contentUrl\":\"https:\/\/reachingu.org\/wp-content\/uploads\/2025\/06\/RU_logo-nuevo_transparete-horizontal-01-2-scaled.png\",\"width\":2560,\"height\":752,\"caption\":\"ReachingU\"},\"image\":{\"@id\":\"https:\/\/reachingu.org\/#\/schema\/logo\/image\/\"},\"sameAs\":[\"https:\/\/www.facebook.com\/ReachingU.org\/\",\"https:\/\/www.linkedin.com\/company\/reaching-u---a-foundation-for-uruguay\",\"https:\/\/www.instagram.com\/reachingu\/\"]}]}<\/script>\n<!-- \/ Yoast SEO plugin. -->","yoast_head_json":{"title":"Horacio Garc\u00eda Terra y Florencia Lussich, Uruguay - ReachingU","robots":{"index":"index","follow":"follow","max-snippet":"max-snippet:-1","max-image-preview":"max-image-preview:large","max-video-preview":"max-video-preview:-1"},"canonical":"https:\/\/reachingu.org\/horacio-garcia-terra-y-florencia-lussich-uruguay\/","og_locale":"en_US","og_type":"article","og_title":"Horacio Garc\u00eda Terra y Florencia Lussich, Uruguay - ReachingU","og_description":"Somos conscientes de la ca\u00edda de los niveles educativos en Uruguay en los \u00faltimos tiempos. Es necesario revertir esa situaci\u00f3n con apoyo de privados, buscando que nuestro pa\u00eds vuelva a ser pionero y referente desde el punto de vista educativo, de manera de dejarles a nuestros hijos un pa\u00eds como el que tuvimos nosotros y [&hellip;]","og_url":"https:\/\/reachingu.org\/horacio-garcia-terra-y-florencia-lussich-uruguay\/","og_site_name":"ReachingU","article_publisher":"https:\/\/www.facebook.com\/ReachingU.org\/","twitter_card":"summary_large_image","twitter_misc":{"Est. reading time":"1 minute"},"schema":{"@context":"https:\/\/schema.org","@graph":[{"@type":"WebPage","@id":"https:\/\/reachingu.org\/horacio-garcia-terra-y-florencia-lussich-uruguay\/","url":"https:\/\/reachingu.org\/horacio-garcia-terra-y-florencia-lussich-uruguay\/","name":"Horacio Garc\u00eda Terra y Florencia Lussich, Uruguay - ReachingU","isPartOf":{"@id":"https:\/\/reachingu.org\/#website"},"datePublished":"2021-07-28T16:22:57+00:00","breadcrumb":{"@id":"https:\/\/reachingu.org\/horacio-garcia-terra-y-florencia-lussich-uruguay\/#breadcrumb"},"inLanguage":"en-US","potentialAction":[{"@type":"ReadAction","target":["https:\/\/reachingu.org\/horacio-garcia-terra-y-florencia-lussich-uruguay\/"]}]},{"@type":"BreadcrumbList","@id":"https:\/\/reachingu.org\/horacio-garcia-terra-y-florencia-lussich-uruguay\/#breadcrumb","itemListElement":[{"@type":"ListItem","position":1,"name":"Portada","item":"https:\/\/reachingu.org\/"},{"@type":"ListItem","position":2,"name":"Horacio Garc\u00eda Terra y Florencia Lussich, Uruguay"}]},{"@type":"WebSite","@id":"https:\/\/reachingu.org\/#website","url":"https:\/\/reachingu.org\/","name":"ReachingU","description":"","publisher":{"@id":"https:\/\/reachingu.org\/#organization"},"potentialAction":[{"@type":"SearchAction","target":{"@type":"EntryPoint","urlTemplate":"https:\/\/reachingu.org\/?s={search_term_string}"},"query-input":{"@type":"PropertyValueSpecification","valueRequired":true,"valueName":"search_term_string"}}],"inLanguage":"en-US"},{"@type":"Organization","@id":"https:\/\/reachingu.org\/#organization","name":"ReachingU","url":"https:\/\/reachingu.org\/","logo":{"@type":"ImageObject","inLanguage":"en-US","@id":"https:\/\/reachingu.org\/#\/schema\/logo\/image\/","url":"https:\/\/reachingu.org\/wp-content\/uploads\/2025\/06\/RU_logo-nuevo_transparete-horizontal-01-2-scaled.png","contentUrl":"https:\/\/reachingu.org\/wp-content\/uploads\/2025\/06\/RU_logo-nuevo_transparete-horizontal-01-2-scaled.png","width":2560,"height":752,"caption":"ReachingU"},"image":{"@id":"https:\/\/reachingu.org\/#\/schema\/logo\/image\/"},"sameAs":["https:\/\/www.facebook.com\/ReachingU.org\/","https:\/\/www.linkedin.com\/company\/reaching-u---a-foundation-for-uruguay","https:\/\/www.instagram.com\/reachingu\/"]}]}},"_links":{"self":[{"href":"https:\/\/reachingu.org\/en\/wp-json\/wp\/v2\/pages\/6433","targetHints":{"allow":["GET"]}}],"collection":[{"href":"https:\/\/reachingu.org\/en\/wp-json\/wp\/v2\/pages"}],"about":[{"href":"https:\/\/reachingu.org\/en\/wp-json\/wp\/v2\/types\/page"}],"author":[{"embeddable":true,"href":"https:\/\/reachingu.org\/en\/wp-json\/wp\/v2\/users\/4"}],"replies":[{"embeddable":true,"href":"https:\/\/reachingu.org\/en\/wp-json\/wp\/v2\/comments?post=6433"}],"version-history":[{"count":0,"href":"https:\/\/reachingu.org\/en\/wp-json\/wp\/v2\/pages\/6433\/revisions"}],"wp:attachment":[{"href":"https:\/\/reachingu.org\/en\/wp-json\/wp\/v2\/media?parent=6433"}],"wp:term":[{"taxonomy":"dipi_cpt_category","embeddable":true,"href":"https:\/\/reachingu.org\/en\/wp-json\/wp\/v2\/dipi_cpt_category?post=6433"}],"curies":[{"name":"wp","href":"https:\/\/api.w.org\/{rel}","templated":true}]}}